{"id":22634,"date":"2019-10-02T08:29:40","date_gmt":"2019-10-02T08:29:40","guid":{"rendered":"https:\/\/www.devollicorporation.com\/?page_id=22634"},"modified":"2019-10-30T13:44:15","modified_gmt":"2019-10-30T13:44:15","slug":"news-2","status":"publish","type":"page","link":"https:\/\/devollicorporation.com\/en\/news-2\/","title":{"rendered":"NEWS"},"content":{"rendered":"<div class=\"vc_row wpb_row vc_row-fluid\"><div class=\"wpb_column vc_column_container vc_col-sm-12\"><div class=\"vc_column-inner\"><div class=\"wpb_wrapper\">\n<div class=\"vc_grid-container-wrapper vc_clearfix\">\n\t<div class=\"vc_grid-container vc_clearfix wpb_content_element vc_basic_grid\" data-initial-loading-animation=\"fadeIn\" data-vc-grid-settings=\"{&quot;page_id&quot;:22634,&quot;style&quot;:&quot;all&quot;,&quot;action&quot;:&quot;vc_get_vc_grid_data&quot;,&quot;shortcode_id&quot;:&quot;1572443021049-0e3f9447-0797-6&quot;,&quot;tag&quot;:&quot;vc_basic_grid&quot;}\" data-vc-request=\"https:\/\/devollicorporation.com\/wp-admin\/admin-ajax.php\" data-vc-post-id=\"22634\" data-vc-public-nonce=\"6e1380a0f9\">\n\t\t<style data-type=\"vc_shortcodes-custom-css\">.vc_custom_1572080653238{margin-right: -10px !important;margin-left: -10px !important;}<\/style><div class=\"vc_grid vc_row vc_grid-gutter-30px vc_pageable-wrapper vc_hook_hover\" data-vc-pageable-content=\"true\"><div class=\"vc_pageable-slide-wrapper vc_clearfix\" data-vc-grid-content=\"true\"><div class=\"vc_grid-item vc_clearfix vc_col-sm-3 vc_grid-item-zone-c-bottom\"><div class=\"vc_grid-item-mini vc_clearfix\"><div class=\"vc_gitem-animated-block  vc_gitem-animate vc_gitem-animate-scaleIn\"  data-vc-animation=\"scaleIn\"\"><div class=\"vc_gitem-zone vc_gitem-zone-a vc-gitem-zone-height-mode-auto vc-gitem-zone-height-mode-auto-16-9 vc_gitem-is-link\" style=\"background-image: url('https:\/\/devollicorporation.com\/wp-content\/uploads\/2025\/11\/bab7b00d-0887-4a46-84aa-30b4f11592f8-1024x576.jpg') !important;\"><a href=\"https:\/\/devollicorporation.com\/en\/lajme\/shell-international-dhe-devolli-corporation-diskutojne-thellimin-e-bashkepunimit\/\" title=\"Shell International dhe Devolli Corporation diskutojn\u00eb thellimin e bashk\u00ebpunimit\" class=\"vc_gitem-link vc-zone-link\"><\/a><img decoding=\"async\" src=\"https:\/\/devollicorporation.com\/wp-content\/uploads\/2025\/11\/bab7b00d-0887-4a46-84aa-30b4f11592f8-1024x576.jpg\" class=\"vc_gitem-zone-img\" alt=\"\"><div class=\"vc_gitem-zone-mini\"><\/div><\/div><\/div><div class=\"vc_gitem-zone vc_gitem-zone-c vc_custom_1572080653238\"><div class=\"vc_gitem-zone-mini\"><div class=\"vc_gitem_row vc_row vc_gitem-row-position-top\"><div class=\"vc_col-sm-12 vc_gitem-col vc_gitem-col-align-\"><div class=\"vc_custom_heading vc_gitem-post-data vc_gitem-post-data-source-post_title\" ><h3 style=\"font-size: 14px;text-align: left\" ><a href=\"https:\/\/devollicorporation.com\/en\/lajme\/shell-international-dhe-devolli-corporation-diskutojne-thellimin-e-bashkepunimit\/\" class=\"vc_gitem-link\" title=\"Shell International dhe Devolli Corporation diskutojn\u00eb thellimin e bashk\u00ebpunimit\">Shell International dhe Devolli Corporation diskutojn\u00eb thellimin e bashk\u00ebpunimit<\/a><\/h3><\/div><\/div><\/div><\/div><\/div><\/div><div class=\"vc_clearfix\"><\/div><\/div><div class=\"vc_grid-item vc_clearfix vc_col-sm-3 vc_grid-item-zone-c-bottom\"><div class=\"vc_grid-item-mini vc_clearfix\"><div class=\"vc_gitem-animated-block  vc_gitem-animate vc_gitem-animate-scaleIn\"  data-vc-animation=\"scaleIn\"\"><div class=\"vc_gitem-zone vc_gitem-zone-a vc-gitem-zone-height-mode-auto vc-gitem-zone-height-mode-auto-16-9 vc_gitem-is-link\" style=\"background-image: url('https:\/\/devollicorporation.com\/wp-content\/uploads\/2025\/07\/comodita-1-1024x687.jpg') !important;\"><a href=\"https:\/\/devollicorporation.com\/en\/lajme\/unicef-dhe-comodita-nenshkruajne-partneritet-per-femijet-ne-kosove-dhe-shqiperi\/\" title=\"UNICEF dhe Comodita n\u00ebnshkruajn\u00eb partneritet p\u00ebr f\u00ebmij\u00ebt n\u00eb Kosov\u00eb dhe Shqip\u00ebri\" class=\"vc_gitem-link vc-zone-link\"><\/a><img decoding=\"async\" src=\"https:\/\/devollicorporation.com\/wp-content\/uploads\/2025\/07\/comodita-1-1024x687.jpg\" class=\"vc_gitem-zone-img\" alt=\"\"><div class=\"vc_gitem-zone-mini\"><\/div><\/div><\/div><div class=\"vc_gitem-zone vc_gitem-zone-c vc_custom_1572080653238\"><div class=\"vc_gitem-zone-mini\"><div class=\"vc_gitem_row vc_row vc_gitem-row-position-top\"><div class=\"vc_col-sm-12 vc_gitem-col vc_gitem-col-align-\"><div class=\"vc_custom_heading vc_gitem-post-data vc_gitem-post-data-source-post_title\" ><h3 style=\"font-size: 14px;text-align: left\" ><a href=\"https:\/\/devollicorporation.com\/en\/lajme\/unicef-dhe-comodita-nenshkruajne-partneritet-per-femijet-ne-kosove-dhe-shqiperi\/\" class=\"vc_gitem-link\" title=\"UNICEF dhe Comodita n\u00ebnshkruajn\u00eb partneritet p\u00ebr f\u00ebmij\u00ebt n\u00eb Kosov\u00eb dhe Shqip\u00ebri\">UNICEF dhe Comodita n\u00ebnshkruajn\u00eb partneritet p\u00ebr f\u00ebmij\u00ebt n\u00eb Kosov\u00eb dhe Shqip\u00ebri<\/a><\/h3><\/div><\/div><\/div><\/div><\/div><\/div><div class=\"vc_clearfix\"><\/div><\/div><div class=\"vc_grid-item vc_clearfix vc_col-sm-3 vc_grid-item-zone-c-bottom\"><div class=\"vc_grid-item-mini vc_clearfix\"><div class=\"vc_gitem-animated-block  vc_gitem-animate vc_gitem-animate-scaleIn\"  data-vc-animation=\"scaleIn\"\"><div class=\"vc_gitem-zone vc_gitem-zone-a vc-gitem-zone-height-mode-auto vc-gitem-zone-height-mode-auto-16-9 vc_gitem-is-link\" style=\"background-image: url('https:\/\/devollicorporation.com\/wp-content\/uploads\/2025\/06\/ae1d0662ec4f012609dd61b7dc78002e-1024x597.jpeg') !important;\"><a href=\"https:\/\/devollicorporation.com\/en\/lajme\/shkelqim-devolli-takon-ne-londer-ceo-n-e-cnn-thompson-zyrtarizon-hyrjen-e-televizionit-amerikan-ne-kosove-video\/\" title=\"Shk\u00eblqim Devolli takon n\u00eb Lond\u00ebr CEO-n e CNN, Thompson, zyrtarizon hyrjen e televizionit amerikan n\u00eb Kosov\u00eb (VIDEO)\" class=\"vc_gitem-link vc-zone-link\"><\/a><img decoding=\"async\" src=\"https:\/\/devollicorporation.com\/wp-content\/uploads\/2025\/06\/ae1d0662ec4f012609dd61b7dc78002e-1024x597.jpeg\" class=\"vc_gitem-zone-img\" alt=\"\"><div class=\"vc_gitem-zone-mini\"><\/div><\/div><\/div><div class=\"vc_gitem-zone vc_gitem-zone-c vc_custom_1572080653238\"><div class=\"vc_gitem-zone-mini\"><div class=\"vc_gitem_row vc_row vc_gitem-row-position-top\"><div class=\"vc_col-sm-12 vc_gitem-col vc_gitem-col-align-\"><div class=\"vc_custom_heading vc_gitem-post-data vc_gitem-post-data-source-post_title\" ><h3 style=\"font-size: 14px;text-align: left\" ><a href=\"https:\/\/devollicorporation.com\/en\/lajme\/shkelqim-devolli-takon-ne-londer-ceo-n-e-cnn-thompson-zyrtarizon-hyrjen-e-televizionit-amerikan-ne-kosove-video\/\" class=\"vc_gitem-link\" title=\"Shk\u00eblqim Devolli takon n\u00eb Lond\u00ebr CEO-n e CNN, Thompson, zyrtarizon hyrjen e televizionit amerikan n\u00eb Kosov\u00eb (VIDEO)\">Shk\u00eblqim Devolli takon n\u00eb Lond\u00ebr CEO-n e CNN, Thompson, zyrtarizon hyrjen e televizionit amerikan n\u00eb Kosov\u00eb (VIDEO)<\/a><\/h3><\/div><\/div><\/div><\/div><\/div><\/div><div class=\"vc_clearfix\"><\/div><\/div><div class=\"vc_grid-item vc_clearfix vc_col-sm-3 vc_grid-item-zone-c-bottom\"><div class=\"vc_grid-item-mini vc_clearfix\"><div class=\"vc_gitem-animated-block  vc_gitem-animate vc_gitem-animate-scaleIn\"  data-vc-animation=\"scaleIn\"\"><div class=\"vc_gitem-zone vc_gitem-zone-a vc-gitem-zone-height-mode-auto vc-gitem-zone-height-mode-auto-16-9 vc_gitem-is-link\" style=\"background-image: url('https:\/\/devollicorporation.com\/wp-content\/uploads\/2025\/04\/Shk-1.jpg') !important;\"><a href=\"https:\/\/devollicorporation.com\/en\/lajme\/kryediplomatja-amerikane-ne-kosove-viziton-devolli-corporation-pritet-nga-shkelqim-devolli\/\" title=\"Kryediplomatja amerikane n\u00eb Kosov\u00eb viziton Devolli Corporation, pritet nga Shk\u00eblqim Devolli\" class=\"vc_gitem-link vc-zone-link\"><\/a><img decoding=\"async\" src=\"https:\/\/devollicorporation.com\/wp-content\/uploads\/2025\/04\/Shk-1.jpg\" class=\"vc_gitem-zone-img\" alt=\"\"><div class=\"vc_gitem-zone-mini\"><\/div><\/div><\/div><div class=\"vc_gitem-zone vc_gitem-zone-c vc_custom_1572080653238\"><div class=\"vc_gitem-zone-mini\"><div class=\"vc_gitem_row vc_row vc_gitem-row-position-top\"><div class=\"vc_col-sm-12 vc_gitem-col vc_gitem-col-align-\"><div class=\"vc_custom_heading vc_gitem-post-data vc_gitem-post-data-source-post_title\" ><h3 style=\"font-size: 14px;text-align: left\" ><a href=\"https:\/\/devollicorporation.com\/en\/lajme\/kryediplomatja-amerikane-ne-kosove-viziton-devolli-corporation-pritet-nga-shkelqim-devolli\/\" class=\"vc_gitem-link\" title=\"Kryediplomatja amerikane n\u00eb Kosov\u00eb viziton Devolli Corporation, pritet nga Shk\u00eblqim Devolli\">Kryediplomatja amerikane n\u00eb Kosov\u00eb viziton Devolli Corporation, pritet nga Shk\u00eblqim Devolli<\/a><\/h3><\/div><\/div><\/div><\/div><\/div><\/div><div class=\"vc_clearfix\"><\/div><\/div><div class=\"vc_grid-item vc_clearfix vc_col-sm-3 vc_grid-item-zone-c-bottom\"><div class=\"vc_grid-item-mini vc_clearfix\"><div class=\"vc_gitem-animated-block  vc_gitem-animate vc_gitem-animate-scaleIn\"  data-vc-animation=\"scaleIn\"\"><div class=\"vc_gitem-zone vc_gitem-zone-a vc-gitem-zone-height-mode-auto vc-gitem-zone-height-mode-auto-16-9 vc_gitem-is-link\" style=\"background-image: url('https:\/\/devollicorporation.com\/wp-content\/uploads\/2025\/02\/Prince_4-768x1024.jpg') !important;\"><a href=\"https:\/\/devollicorporation.com\/en\/lajme\/prince-caffe-ekspozon-shijen-e-kafes-ne-panairin-prestigjioz-gulfood-fair-2025-ne-dubai\/\" title=\"Prince Caffe ekspozon shijen e kafes n\u00eb panairin prestigjioz \u201cGulfood Fair 2025\u201d n\u00eb Dubai\" class=\"vc_gitem-link vc-zone-link\"><\/a><img decoding=\"async\" src=\"https:\/\/devollicorporation.com\/wp-content\/uploads\/2025\/02\/Prince_4-768x1024.jpg\" class=\"vc_gitem-zone-img\" alt=\"\"><div class=\"vc_gitem-zone-mini\"><\/div><\/div><\/div><div class=\"vc_gitem-zone vc_gitem-zone-c vc_custom_1572080653238\"><div class=\"vc_gitem-zone-mini\"><div class=\"vc_gitem_row vc_row vc_gitem-row-position-top\"><div class=\"vc_col-sm-12 vc_gitem-col vc_gitem-col-align-\"><div class=\"vc_custom_heading vc_gitem-post-data vc_gitem-post-data-source-post_title\" ><h3 style=\"font-size: 14px;text-align: left\" ><a href=\"https:\/\/devollicorporation.com\/en\/lajme\/prince-caffe-ekspozon-shijen-e-kafes-ne-panairin-prestigjioz-gulfood-fair-2025-ne-dubai\/\" class=\"vc_gitem-link\" title=\"Prince Caffe ekspozon shijen e kafes n\u00eb panairin prestigjioz \u201cGulfood Fair 2025\u201d n\u00eb Dubai\">Prince Caffe ekspozon shijen e kafes n\u00eb panairin prestigjioz \u201cGulfood Fair 2025\u201d n\u00eb Dubai<\/a><\/h3><\/div><\/div><\/div><\/div><\/div><\/div><div class=\"vc_clearfix\"><\/div><\/div><div class=\"vc_grid-item vc_clearfix vc_col-sm-3 vc_grid-item-zone-c-bottom\"><div class=\"vc_grid-item-mini vc_clearfix\"><div class=\"vc_gitem-animated-block  vc_gitem-animate vc_gitem-animate-scaleIn\"  data-vc-animation=\"scaleIn\"\"><div class=\"vc_gitem-zone vc_gitem-zone-a vc-gitem-zone-height-mode-auto vc-gitem-zone-height-mode-auto-16-9 vc_gitem-is-link\" style=\"background-image: url('https:\/\/devollicorporation.com\/wp-content\/uploads\/2024\/11\/devolli-trump.jpg') !important;\"><a href=\"https:\/\/devollicorporation.com\/en\/lajme\/afaristi-i-mirenjohur-shqiptar-shkelqim-devolli-uron-donald-trumpin-per-rizgjedhjen-president-i-shba-se-video\/\" title=\"Afaristi i mir\u00ebnjohur shqiptar Shk\u00eblqim Devolli uron Donald Trumpin p\u00ebr rizgjedhjen President i ShBA-s\u00eb (VIDEO)\" class=\"vc_gitem-link vc-zone-link\"><\/a><img decoding=\"async\" src=\"https:\/\/devollicorporation.com\/wp-content\/uploads\/2024\/11\/devolli-trump.jpg\" class=\"vc_gitem-zone-img\" alt=\"\"><div class=\"vc_gitem-zone-mini\"><\/div><\/div><\/div><div class=\"vc_gitem-zone vc_gitem-zone-c vc_custom_1572080653238\"><div class=\"vc_gitem-zone-mini\"><div class=\"vc_gitem_row vc_row vc_gitem-row-position-top\"><div class=\"vc_col-sm-12 vc_gitem-col vc_gitem-col-align-\"><div class=\"vc_custom_heading vc_gitem-post-data vc_gitem-post-data-source-post_title\" ><h3 style=\"font-size: 14px;text-align: left\" ><a href=\"https:\/\/devollicorporation.com\/en\/lajme\/afaristi-i-mirenjohur-shqiptar-shkelqim-devolli-uron-donald-trumpin-per-rizgjedhjen-president-i-shba-se-video\/\" class=\"vc_gitem-link\" title=\"Afaristi i mir\u00ebnjohur shqiptar Shk\u00eblqim Devolli uron Donald Trumpin p\u00ebr rizgjedhjen President i ShBA-s\u00eb (VIDEO)\">Afaristi i mir\u00ebnjohur shqiptar Shk\u00eblqim Devolli uron Donald Trumpin p\u00ebr rizgjedhjen President i ShBA-s\u00eb (VIDEO)<\/a><\/h3><\/div><\/div><\/div><\/div><\/div><\/div><div class=\"vc_clearfix\"><\/div><\/div><div class=\"vc_grid-item vc_clearfix vc_col-sm-3 vc_grid-item-zone-c-bottom\"><div class=\"vc_grid-item-mini vc_clearfix\"><div class=\"vc_gitem-animated-block  vc_gitem-animate vc_gitem-animate-scaleIn\"  data-vc-animation=\"scaleIn\"\"><div class=\"vc_gitem-zone vc_gitem-zone-a vc-gitem-zone-height-mode-auto vc-gitem-zone-height-mode-auto-16-9 vc_gitem-is-link\" style=\"background-image: url('https:\/\/devollicorporation.com\/wp-content\/uploads\/2024\/08\/kafe-prince-lidl-1024x576.jpg') !important;\"><a href=\"https:\/\/devollicorporation.com\/en\/lajme\/eksporti-per-evrope-prince-nis-kafene-per-supermarketet-lidl\/\" title=\"Eksporti p\u00ebr Evrop\u00eb: Prince nis kafen\u00eb p\u00ebr supermarketet Lidl\" class=\"vc_gitem-link vc-zone-link\"><\/a><img decoding=\"async\" src=\"https:\/\/devollicorporation.com\/wp-content\/uploads\/2024\/08\/kafe-prince-lidl-1024x576.jpg\" class=\"vc_gitem-zone-img\" alt=\"\"><div class=\"vc_gitem-zone-mini\"><\/div><\/div><\/div><div class=\"vc_gitem-zone vc_gitem-zone-c vc_custom_1572080653238\"><div class=\"vc_gitem-zone-mini\"><div class=\"vc_gitem_row vc_row vc_gitem-row-position-top\"><div class=\"vc_col-sm-12 vc_gitem-col vc_gitem-col-align-\"><div class=\"vc_custom_heading vc_gitem-post-data vc_gitem-post-data-source-post_title\" ><h3 style=\"font-size: 14px;text-align: left\" ><a href=\"https:\/\/devollicorporation.com\/en\/lajme\/eksporti-per-evrope-prince-nis-kafene-per-supermarketet-lidl\/\" class=\"vc_gitem-link\" title=\"Eksporti p\u00ebr Evrop\u00eb: Prince nis kafen\u00eb p\u00ebr supermarketet Lidl\">Eksporti p\u00ebr Evrop\u00eb: Prince nis kafen\u00eb p\u00ebr supermarketet Lidl<\/a><\/h3><\/div><\/div><\/div><\/div><\/div><\/div><div class=\"vc_clearfix\"><\/div><\/div><div class=\"vc_grid-item vc_clearfix vc_col-sm-3 vc_grid-item-zone-c-bottom\"><div class=\"vc_grid-item-mini vc_clearfix\"><div class=\"vc_gitem-animated-block  vc_gitem-animate vc_gitem-animate-scaleIn\"  data-vc-animation=\"scaleIn\"\"><div class=\"vc_gitem-zone vc_gitem-zone-a vc-gitem-zone-height-mode-auto vc-gitem-zone-height-mode-auto-16-9 vc_gitem-is-link\" style=\"background-image: url('https:\/\/devollicorporation.com\/wp-content\/uploads\/2024\/06\/Devolli-Shkelqimi-1024x768.jpg') !important;\"><a href=\"https:\/\/devollicorporation.com\/en\/lajme\/kete-mrekulli-duhet-ta-shohe-bota-william-walker-i-mahnitur-me-devolli-corporation\/\" title=\"\u201cK\u00ebt\u00eb mrekulli duhet ta shoh\u00eb bota\u201d \u2013 William Walker i mahnitur me Devolli Corporation\" class=\"vc_gitem-link vc-zone-link\"><\/a><img decoding=\"async\" src=\"https:\/\/devollicorporation.com\/wp-content\/uploads\/2024\/06\/Devolli-Shkelqimi-1024x768.jpg\" class=\"vc_gitem-zone-img\" alt=\"\"><div class=\"vc_gitem-zone-mini\"><\/div><\/div><\/div><div class=\"vc_gitem-zone vc_gitem-zone-c vc_custom_1572080653238\"><div class=\"vc_gitem-zone-mini\"><div class=\"vc_gitem_row vc_row vc_gitem-row-position-top\"><div class=\"vc_col-sm-12 vc_gitem-col vc_gitem-col-align-\"><div class=\"vc_custom_heading vc_gitem-post-data vc_gitem-post-data-source-post_title\" ><h3 style=\"font-size: 14px;text-align: left\" ><a href=\"https:\/\/devollicorporation.com\/en\/lajme\/kete-mrekulli-duhet-ta-shohe-bota-william-walker-i-mahnitur-me-devolli-corporation\/\" class=\"vc_gitem-link\" title=\"\u201cK\u00ebt\u00eb mrekulli duhet ta shoh\u00eb bota\u201d \u2013 William Walker i mahnitur me Devolli Corporation\">\u201cK\u00ebt\u00eb mrekulli duhet ta shoh\u00eb bota\u201d \u2013 William Walker i mahnitur me Devolli Corporation<\/a><\/h3><\/div><\/div><\/div><\/div><\/div><\/div><div class=\"vc_clearfix\"><\/div><\/div><div class=\"vc_grid-item vc_clearfix vc_col-sm-3 vc_grid-item-zone-c-bottom\"><div class=\"vc_grid-item-mini vc_clearfix\"><div class=\"vc_gitem-animated-block  vc_gitem-animate vc_gitem-animate-scaleIn\"  data-vc-animation=\"scaleIn\"\"><div class=\"vc_gitem-zone vc_gitem-zone-a vc-gitem-zone-height-mode-auto vc-gitem-zone-height-mode-auto-16-9 vc_gitem-is-link\" style=\"background-image: url('https:\/\/devollicorporation.com\/wp-content\/uploads\/2024\/06\/Unicef-dhe-Devolli-Corporation.jpg') !important;\"><a href=\"https:\/\/devollicorporation.com\/en\/lajme\/unicef-i-boton-artikull-per-rezultatet-e-partneritetit-me-devolli-corporation-u-fuqizuan-grate-perfituan-familjet\/\" title=\"UNICEF-i boton artikull p\u00ebr rezultatet e partneritetit me Devolli Corporation: U fuqizuan grat\u00eb, p\u00ebrfituan familjet\" class=\"vc_gitem-link vc-zone-link\"><\/a><img decoding=\"async\" src=\"https:\/\/devollicorporation.com\/wp-content\/uploads\/2024\/06\/Unicef-dhe-Devolli-Corporation.jpg\" class=\"vc_gitem-zone-img\" alt=\"\"><div class=\"vc_gitem-zone-mini\"><\/div><\/div><\/div><div class=\"vc_gitem-zone vc_gitem-zone-c vc_custom_1572080653238\"><div class=\"vc_gitem-zone-mini\"><div class=\"vc_gitem_row vc_row vc_gitem-row-position-top\"><div class=\"vc_col-sm-12 vc_gitem-col vc_gitem-col-align-\"><div class=\"vc_custom_heading vc_gitem-post-data vc_gitem-post-data-source-post_title\" ><h3 style=\"font-size: 14px;text-align: left\" ><a href=\"https:\/\/devollicorporation.com\/en\/lajme\/unicef-i-boton-artikull-per-rezultatet-e-partneritetit-me-devolli-corporation-u-fuqizuan-grate-perfituan-familjet\/\" class=\"vc_gitem-link\" title=\"UNICEF-i boton artikull p\u00ebr rezultatet e partneritetit me Devolli Corporation: U fuqizuan grat\u00eb, p\u00ebrfituan familjet\">UNICEF-i boton artikull p\u00ebr rezultatet e partneritetit me Devolli Corporation: U fuqizuan grat\u00eb, p\u00ebrfituan familjet<\/a><\/h3><\/div><\/div><\/div><\/div><\/div><\/div><div class=\"vc_clearfix\"><\/div><\/div><div class=\"vc_grid-item vc_clearfix vc_col-sm-3 vc_grid-item-zone-c-bottom\"><div class=\"vc_grid-item-mini vc_clearfix\"><div class=\"vc_gitem-animated-block  vc_gitem-animate vc_gitem-animate-scaleIn\"  data-vc-animation=\"scaleIn\"\"><div class=\"vc_gitem-zone vc_gitem-zone-a vc-gitem-zone-height-mode-auto vc-gitem-zone-height-mode-auto-16-9 vc_gitem-is-link\" style=\"background-image: url('https:\/\/devollicorporation.com\/wp-content\/uploads\/2024\/05\/devolli-corporation-panairi-prishtina-2024-11-1024x768.jpg') !important;\"><a href=\"https:\/\/devollicorporation.com\/en\/lajme\/devolli-corporation-marreveshje-bashkepunimi-me-odat-ekonomike-te-arabise-saudite\/\" title=\"Devolli Corporation, marr\u00ebveshje bashk\u00ebpunimi me Odat Ekonomike t\u00eb Arabis\u00eb Saudite\" class=\"vc_gitem-link vc-zone-link\"><\/a><img decoding=\"async\" src=\"https:\/\/devollicorporation.com\/wp-content\/uploads\/2024\/05\/devolli-corporation-panairi-prishtina-2024-11-1024x768.jpg\" class=\"vc_gitem-zone-img\" alt=\"\"><div class=\"vc_gitem-zone-mini\"><\/div><\/div><\/div><div class=\"vc_gitem-zone vc_gitem-zone-c vc_custom_1572080653238\"><div class=\"vc_gitem-zone-mini\"><div class=\"vc_gitem_row vc_row vc_gitem-row-position-top\"><div class=\"vc_col-sm-12 vc_gitem-col vc_gitem-col-align-\"><div class=\"vc_custom_heading vc_gitem-post-data vc_gitem-post-data-source-post_title\" ><h3 style=\"font-size: 14px;text-align: left\" ><a href=\"https:\/\/devollicorporation.com\/en\/lajme\/devolli-corporation-marreveshje-bashkepunimi-me-odat-ekonomike-te-arabise-saudite\/\" class=\"vc_gitem-link\" title=\"Devolli Corporation, marr\u00ebveshje bashk\u00ebpunimi me Odat Ekonomike t\u00eb Arabis\u00eb Saudite\">Devolli Corporation, marr\u00ebveshje bashk\u00ebpunimi me Odat Ekonomike t\u00eb Arabis\u00eb Saudite<\/a><\/h3><\/div><\/div><\/div><\/div><\/div><\/div><div class=\"vc_clearfix\"><\/div><\/div><\/div><\/div>\n\t<\/div>\n<\/div><\/div><\/div><\/div><\/div>","protected":false},"excerpt":{"rendered":"UNICEF dhe Comodita n\u00ebnshkruajn\u00eb partneritet p\u00ebr f\u00ebmij\u00ebt n\u00eb Kosov\u00eb dhe Shqip\u00ebriKryediplomatja amerikane n\u00eb Kosov\u00eb viziton Devolli Corporation, pritet nga Shk\u00eblqim DevolliAfaristi i mir\u00ebnjohur shqiptar Shk\u00eblqim Devolli uron Donald Trumpin p\u00ebr rizgjedhjen President i ShBA-s\u00eb (VIDEO)\u201cK\u00ebt\u00eb mrekulli duhet ta shoh\u00eb bota\u201d [...]","protected":false},"author":2,"featured_media":0,"parent":0,"menu_order":0,"comment_status":"closed","ping_status":"closed","template":"","meta":{"footnotes":""},"class_list":["post-22634","page","type-page","status-publish","hentry"],"uagb_featured_image_src":{"full":false,"thumbnail":false,"medium":false,"medium_large":false,"large":false,"1536x1536":false,"2048x2048":false,"trp-custom-language-flag":false,"baker_edge_image_square":false,"baker_edge_image_landscape":false,"baker_edge_image_portrait":false,"baker_edge_image_huge":false,"htmagazine_grid":false},"uagb_author_info":{"display_name":"dco","author_link":"https:\/\/devollicorporation.com\/en\/author\/labipeja\/"},"uagb_comment_info":0,"uagb_excerpt":null,"_links":{"self":[{"href":"https:\/\/devollicorporation.com\/en\/wp-json\/wp\/v2\/pages\/22634","targetHints":{"allow":["GET"]}}],"collection":[{"href":"https:\/\/devollicorporation.com\/en\/wp-json\/wp\/v2\/pages"}],"about":[{"href":"https:\/\/devollicorporation.com\/en\/wp-json\/wp\/v2\/types\/page"}],"author":[{"embeddable":true,"href":"https:\/\/devollicorporation.com\/en\/wp-json\/wp\/v2\/users\/2"}],"replies":[{"embeddable":true,"href":"https:\/\/devollicorporation.com\/en\/wp-json\/wp\/v2\/comments?post=22634"}],"version-history":[{"count":7,"href":"https:\/\/devollicorporation.com\/en\/wp-json\/wp\/v2\/pages\/22634\/revisions"}],"predecessor-version":[{"id":22858,"href":"https:\/\/devollicorporation.com\/en\/wp-json\/wp\/v2\/pages\/22634\/revisions\/22858"}],"wp:attachment":[{"href":"https:\/\/devollicorporation.com\/en\/wp-json\/wp\/v2\/media?parent=22634"}],"curies":[{"name":"wp","href":"https:\/\/api.w.org\/{rel}","templated":true}]}}